{"id":42,"date":"2020-07-22T17:37:06","date_gmt":"2020-07-22T15:37:06","guid":{"rendered":"http:\/\/mathieucollos.com\/?page_id=42"},"modified":"2023-06-09T16:28:59","modified_gmt":"2023-06-09T14:28:59","slug":"vers-une-architecture-circulaire","status":"publish","type":"page","link":"https:\/\/mathieucollos.com\/index.php\/vers-une-architecture-circulaire\/","title":{"rendered":"l&#8217; architecture circulaire"},"content":{"rendered":"\n<div class=\"wp-block-columns\">\n<div class=\"wp-block-column\" style=\"flex-basis:100%\">\n<div class=\"wp-block-columns\">\n<div class=\"wp-block-column\">\n<div class=\"wp-block-image\"><figure class=\"aligncenter size-large\"><img loading=\"lazy\" width=\"874\" height=\"1024\" src=\"http:\/\/mathieucollos.com\/wp-content\/uploads\/2021\/02\/archi-circulaire1-1-874x1024.jpg\" alt=\"\" class=\"wp-image-336\" srcset=\"https:\/\/mathieucollos.com\/wp-content\/uploads\/2021\/02\/archi-circulaire1-1-874x1024.jpg 874w, https:\/\/mathieucollos.com\/wp-content\/uploads\/2021\/02\/archi-circulaire1-1-256x300.jpg 256w, https:\/\/mathieucollos.com\/wp-content\/uploads\/2021\/02\/archi-circulaire1-1-768x899.jpg 768w, https:\/\/mathieucollos.com\/wp-content\/uploads\/2021\/02\/archi-circulaire1-1-1312x1536.jpg 1312w, https:\/\/mathieucollos.com\/wp-content\/uploads\/2021\/02\/archi-circulaire1-1-51x60.jpg 51w, https:\/\/mathieucollos.com\/wp-content\/uploads\/2021\/02\/archi-circulaire1-1.jpg 1345w\" sizes=\"(max-width: 874px) 100vw, 874px\" \/><\/figure><\/div>\n<\/div>\n\n\n\n<div class=\"wp-block-column\">\n<div class=\"wp-block-image\"><figure class=\"aligncenter size-large\"><img loading=\"lazy\" width=\"877\" height=\"1024\" src=\"http:\/\/mathieucollos.com\/wp-content\/uploads\/2021\/02\/archi-circulaire2-1-877x1024.jpg\" alt=\"\" class=\"wp-image-337\" srcset=\"https:\/\/mathieucollos.com\/wp-content\/uploads\/2021\/02\/archi-circulaire2-1-877x1024.jpg 877w, https:\/\/mathieucollos.com\/wp-content\/uploads\/2021\/02\/archi-circulaire2-1-257x300.jpg 257w, https:\/\/mathieucollos.com\/wp-content\/uploads\/2021\/02\/archi-circulaire2-1-768x897.jpg 768w, https:\/\/mathieucollos.com\/wp-content\/uploads\/2021\/02\/archi-circulaire2-1-1316x1536.jpg 1316w, https:\/\/mathieucollos.com\/wp-content\/uploads\/2021\/02\/archi-circulaire2-1-51x60.jpg 51w, https:\/\/mathieucollos.com\/wp-content\/uploads\/2021\/02\/archi-circulaire2-1.jpg 1349w\" sizes=\"(max-width: 877px) 100vw, 877px\" \/><\/figure><\/div>\n<\/div>\n<\/div>\n<\/div>\n<\/div>\n\n\n<p><strong>70%<\/strong> des d\u00e9chets sont issus du BTP, soit 247 Millions de tonnes en 2012 en France <em>(Source <a href=\"https:\/\/www.ademe.fr\/\">ADEME<\/a>)<\/em><\/p>\n<p>Nous proposons de passer d&#8217;un mod\u00e8le \u00e9conomique <strong>lin\u00e9aire, <\/strong>ou les produits usag\u00e9s sont gaspill\u00e9s et sources de co\u00fbts, \u00e0 un mod\u00e8le <strong>circulaire, <\/strong>ou les produits sont reg\u00e9n\u00e9r\u00e9s et sources de revenus.<\/p>\n<p>Les b\u00e9n\u00e9fices d&#8217;une architecture circulaire :<\/p>\n<ul>\n<li>Une qualit\u00e9 de vie des occupants am\u00e9lior\u00e9e gr\u00e2ce \u00e0 des mat\u00e9riaux sains<\/li>\n<li>La diminution des gaz \u00e0 effet de serre<\/li>\n<li>Une attractivit\u00e9 aupr\u00e8s des territoires<\/li>\n<li>Un impact \u00e9cologique concret et mesurable<\/li>\n<li>La g\u00e9n\u00e9ration de nouveaux revenus (jusqu\u2019\u00e0 14% du co\u00fbt de construction en valeur r\u00e9siduelle)<\/li>\n<\/ul>\n\n\n<hr class=\"wp-block-separator is-style-wide\"\/>\n\n\n\n<h2><strong>Comment faire concr\u00e8tement ?<\/strong><\/h2>\n\n\n\n<div style=\"height:24px\" aria-hidden=\"true\" class=\"wp-block-spacer\"><\/div>\n\n\n\n<p><strong>1 \/ Sourcing mat\u00e9riaux :<\/strong><\/p>\n\n\n\n<p>Privil\u00e9gier les mat\u00e9riaux neufs certifi\u00e9s&nbsp;&nbsp;<a href=\"https:\/\/www.c2ccertified.org\/\" target=\"_blank\" aria-label=\"undefined (s\u2019ouvre dans un nouvel onglet)\" rel=\"noreferrer noopener\">Cradle 2 cradle.<\/a><\/p>\n\n\n\n<p>Mat\u00e9riaux recycl\u00e9s : chantiers d\u00e9molition \/ plateformes sp\u00e9cialis\u00e9es de r\u00e9emploi (<a href=\"https:\/\/opalis.eu\/fr\" target=\"_blank\" aria-label=\"undefined (s\u2019ouvre dans un nouvel onglet)\" rel=\"noreferrer noopener\">Opalis<\/a>, <a href=\"https:\/\/www.cycle-up.fr\/\" target=\"_blank\" aria-label=\"undefined (s\u2019ouvre dans un nouvel onglet)\" rel=\"noreferrer noopener\">cycle up<\/a>,&#8230;)<\/p>\n\n\n\n<p><strong>2 \/ Eco conception :<\/strong><\/p>\n\n\n\n<p>En amont, concevoir le b\u00e2timent ou l&#8217;am\u00e9nagement selon le concept de banque de mat\u00e9riaux facilement d\u00e9montable et recyclable.&nbsp;<\/p>\n\n\n\n<p>En aval, lors de la phase d&#8217;exploitation, g\u00e9rer les ressources du b\u00e2timent&nbsp; afin qu&#8217;elle puissent \u00eatre r\u00e9employ\u00e9es en fin d&#8217;usage.<\/p>\n\n\n\n<p><strong>3 \/ Optimisation du tri pendant la phase chantier :<\/strong><\/p>\n\n\n\n<p>&#8221; En moyenne, une gestion efficace des d\u00e9chets de chantier permet une r\u00e9duction des co\u00fbts de l&#8217;ordre de 30 \u00e0 40% &#8221; (<a href=\"https:\/\/www.ademe.fr\/\" target=\"_blank\" aria-label=\"undefined (s\u2019ouvre dans un nouvel onglet)\" rel=\"noreferrer noopener\">Source ADEME<\/a>)<\/p>\n\n\n\n<p>Sensibiliser les entreprises avant l&#8217;intervention (pr\u00e9sentation des bennes , plan de localisation, &#8230; ) et pendant l&#8217;intervention (affichage clair et lisible, responsable d\u00e9chet nomm\u00e9, &#8230;)<\/p>\n\n\n\n<div style=\"height:31px\" aria-hidden=\"true\" class=\"wp-block-spacer\"><\/div>\n\n\n\n<div class=\"wp-block-columns are-vertically-aligned-center\">\n<div class=\"wp-block-column is-vertically-aligned-center\" style=\"flex-basis:100%\">\n<div class=\"wp-block-buttons\">\n<div class=\"wp-block-button is-style-fill\"><a class=\"wp-block-button__link\" href=\"http:\/\/mathieucollos.com\/index.php\/mission-amo-re-emploi\/\">DECOUVREZ NOTRE MISSION AMO R\u00c9 EMPLOI<\/a><\/div>\n<\/div>\n<\/div>\n<\/div>\n\n\n\n<hr class=\"wp-block-separator is-style-wide\"\/>\n\n\n\n<div style=\"height:31px\" aria-hidden=\"true\" class=\"wp-block-spacer\"><\/div>\n\n\n\n<figure class=\"wp-block-image size-large is-style-default\"><img loading=\"lazy\" width=\"1024\" height=\"768\" src=\"http:\/\/mathieucollos.com\/wp-content\/uploads\/2023\/06\/proto-cdc-1024x768.jpg\" alt=\"prototype facade chemin de cable la grande conserve \/ MCA\" class=\"wp-image-483\" srcset=\"https:\/\/mathieucollos.com\/wp-content\/uploads\/2023\/06\/proto-cdc-1024x768.jpg 1024w, https:\/\/mathieucollos.com\/wp-content\/uploads\/2023\/06\/proto-cdc-300x225.jpg 300w, https:\/\/mathieucollos.com\/wp-content\/uploads\/2023\/06\/proto-cdc-768x576.jpg 768w, https:\/\/mathieucollos.com\/wp-content\/uploads\/2023\/06\/proto-cdc-1536x1152.jpg 1536w, https:\/\/mathieucollos.com\/wp-content\/uploads\/2023\/06\/proto-cdc-80x60.jpg 80w, https:\/\/mathieucollos.com\/wp-content\/uploads\/2023\/06\/proto-cdc.jpg 1559w\" sizes=\"(max-width: 1024px) 100vw, 1024px\" \/><figcaption><br><\/figcaption><\/figure>\n\n\n\n<p><strong>Prototype Parement de fa\u00e7ade en Chemins de cable<\/strong>.<\/p>\n\n\n\n<p><em>La Grande Conserve \/ MCA pour URBIS. Projet En cours<\/em><\/p>\n\n\n\n<figure class=\"wp-block-image size-large\"><img loading=\"lazy\" width=\"751\" height=\"751\" src=\"http:\/\/mathieucollos.com\/wp-content\/uploads\/2023\/06\/prototypeTuiles.jpg\" alt=\"Prototype dallage b\u00e9ton - tuiles de r\u00e9emploi . La grande conserve \/ MCA\" class=\"wp-image-485\" srcset=\"https:\/\/mathieucollos.com\/wp-content\/uploads\/2023\/06\/prototypeTuiles.jpg 751w, https:\/\/mathieucollos.com\/wp-content\/uploads\/2023\/06\/prototypeTuiles-300x300.jpg 300w, https:\/\/mathieucollos.com\/wp-content\/uploads\/2023\/06\/prototypeTuiles-150x150.jpg 150w, https:\/\/mathieucollos.com\/wp-content\/uploads\/2023\/06\/prototypeTuiles-60x60.jpg 60w\" sizes=\"(max-width: 751px) 100vw, 751px\" \/><figcaption><br><\/figcaption><\/figure>\n\n\n\n<p><strong>Prototype dallage b\u00e9ton &#8211; tuiles<\/strong> <strong>de r\u00e9emploi<\/strong><\/p>\n\n\n\n<p><em>La Grande Conserve \/ MCA pour FDI Habitat. Projet En cours<\/em><\/p>\n\n\n\n<hr class=\"wp-block-separator is-style-wide\"\/>\n\n\n\n<h2>Profil NF Habitat \u00c9conomie Circulaire<\/h2>\n\n\n\n<div class=\"wp-block-columns\">\n<div class=\"wp-block-column\" style=\"flex-basis:100%\"><\/div>\n<\/div>\n\n\n\n<div class=\"wp-block-columns\">\n<div class=\"wp-block-column\">\n<p>En choisissant le <a href=\"https:\/\/www.qualitel.org\/professionnels\/certification-et-labels\/profil-nf-habitat-economie-circulaire\/\" target=\"_blank\" rel=\"noreferrer noopener\">Profil NF Habitat \u00c9conomie Circulaire<\/a>, pour vos projets de construction ou de r\u00e9novation, r\u00e9pondez aux objectifs de la Loi relative \u00e0 la lutte contre le gaspillage et \u00e0 l\u2019\u00e9conomie circulaire du 10 f\u00e9vrier 2020. Mettez en avant vos savoir-faire sp\u00e9ci\ufb01ques, r\u00e9pondez aux attentes de vos clients et atteignez des performances sup\u00e9rieures gr\u00e2ce \u00e0 une seule d\u00e9marche.<\/p>\n<\/div>\n\n\n\n<div class=\"wp-block-column\">\n<figure class=\"wp-block-image size-large is-resized\"><a href=\"https:\/\/www.qualitel.org\/professionnels\/certification-et-labels\/profil-nf-habitat-economie-circulaire\/\" target=\"_blank\" rel=\"noopener\"><img loading=\"lazy\" src=\"http:\/\/mathieucollos.com\/wp-content\/uploads\/2021\/02\/NF-Habitat-economie-circulaire-medaillon-1.jpg\" alt=\"\" class=\"wp-image-380\" width=\"185\" height=\"173\" srcset=\"https:\/\/mathieucollos.com\/wp-content\/uploads\/2021\/02\/NF-Habitat-economie-circulaire-medaillon-1.jpg 321w, https:\/\/mathieucollos.com\/wp-content\/uploads\/2021\/02\/NF-Habitat-economie-circulaire-medaillon-1-300x280.jpg 300w, https:\/\/mathieucollos.com\/wp-content\/uploads\/2021\/02\/NF-Habitat-economie-circulaire-medaillon-1-64x60.jpg 64w\" sizes=\"(max-width: 185px) 100vw, 185px\" \/><\/a><\/figure>\n<\/div>\n<\/div>\n","protected":false},"excerpt":{"rendered":"<p>70% des d\u00e9chets sont issus du BTP, soit 247 Millions de tonnes en 2012 en France (Source ADEME) Nous proposons de passer d&#8217;un mod\u00e8le \u00e9conomique lin\u00e9aire, ou les produits usag\u00e9s sont gaspill\u00e9s et sources de co\u00fbts, \u00e0 un mod\u00e8le circulaire, ou les produits sont reg\u00e9n\u00e9r\u00e9s et sources de revenus. Les b\u00e9n\u00e9fices d&#8217;une architecture circulaire : &hellip; <\/p>\n","protected":false},"author":1,"featured_media":0,"parent":0,"menu_order":0,"comment_status":"closed","ping_status":"closed","template":"","meta":{"_monsterinsights_skip_tracking":false,"_monsterinsights_sitenote_active":false,"_monsterinsights_sitenote_note":"","_monsterinsights_sitenote_category":0},"yoast_head":"<!-- This site is optimized with the Yoast SEO plugin v14.6.1 - https:\/\/yoast.com\/wordpress\/plugins\/seo\/ -->\n<title>l&#039; architecture circulaire - MATHIEU COLLOS ARCHITECTURE<\/title>\n<meta name=\"description\" content=\"70% des d\u00e9chets sont issus du BTP. Nous proposons de passer d&#039;un mod\u00e8le \u00e9conomique lin\u00e9aire \u00e0 un mod\u00e8le circulaire, ou les d\u00e9chets sont sources de revenus.\" \/>\n<meta name=\"robots\" content=\"index, follow\" \/>\n<meta name=\"googlebot\" content=\"index, follow, max-snippet:-1, max-image-preview:large, max-video-preview:-1\" \/>\n<meta name=\"bingbot\" content=\"index, follow, max-snippet:-1, max-image-preview:large, max-video-preview:-1\" \/>\n<link rel=\"canonical\" href=\"http:\/\/mathieucollos.com\/index.php\/vers-une-architecture-circulaire\/\" \/>\n<meta property=\"og:locale\" content=\"en_US\" \/>\n<meta property=\"og:type\" content=\"article\" \/>\n<meta property=\"og:title\" content=\"l&#039; architecture circulaire - MATHIEU COLLOS ARCHITECTURE\" \/>\n<meta property=\"og:description\" content=\"70% des d\u00e9chets sont issus du BTP. Nous proposons de passer d&#039;un mod\u00e8le \u00e9conomique lin\u00e9aire \u00e0 un mod\u00e8le circulaire, ou les d\u00e9chets sont sources de revenus.\" \/>\n<meta property=\"og:url\" content=\"http:\/\/mathieucollos.com\/index.php\/vers-une-architecture-circulaire\/\" \/>\n<meta property=\"og:site_name\" content=\"MATHIEU COLLOS ARCHITECTURE\" \/>\n<meta property=\"article:modified_time\" content=\"2023-06-09T14:28:59+00:00\" \/>\n<meta property=\"og:image\" content=\"http:\/\/mathieucollos.com\/wp-content\/uploads\/2021\/02\/archi-circulaire1-1-874x1024.jpg\" \/>\n<meta name=\"twitter:card\" content=\"summary_large_image\" \/>\n<meta name=\"twitter:creator\" content=\"@CollosMathieu\" \/>\n<meta name=\"twitter:site\" content=\"@CollosMathieu\" \/>\n<script type=\"application\/ld+json\" class=\"yoast-schema-graph\">{\"@context\":\"https:\/\/schema.org\",\"@graph\":[{\"@type\":\"Organization\",\"@id\":\"https:\/\/mathieucollos.com\/#organization\",\"name\":\"mathieu collos architecture\",\"url\":\"https:\/\/mathieucollos.com\/\",\"sameAs\":[\"https:\/\/www.linkedin.com\/in\/mathieu-collos-909a3a58\/\",\"https:\/\/twitter.com\/CollosMathieu\"],\"logo\":{\"@type\":\"ImageObject\",\"@id\":\"https:\/\/mathieucollos.com\/#logo\",\"inLanguage\":\"en-US\",\"url\":\"https:\/\/mathieucollos.com\/wp-content\/uploads\/2020\/07\/logo-MCA-01.png\",\"width\":2125,\"height\":329,\"caption\":\"mathieu collos architecture\"},\"image\":{\"@id\":\"https:\/\/mathieucollos.com\/#logo\"}},{\"@type\":\"WebSite\",\"@id\":\"https:\/\/mathieucollos.com\/#website\",\"url\":\"https:\/\/mathieucollos.com\/\",\"name\":\"MATHIEU COLLOS ARCHITECTURE\",\"description\":\"durable  I   circulaire   I    innovante\",\"publisher\":{\"@id\":\"https:\/\/mathieucollos.com\/#organization\"},\"potentialAction\":[{\"@type\":\"SearchAction\",\"target\":\"https:\/\/mathieucollos.com\/?s={search_term_string}\",\"query-input\":\"required name=search_term_string\"}],\"inLanguage\":\"en-US\"},{\"@type\":\"ImageObject\",\"@id\":\"http:\/\/mathieucollos.com\/index.php\/vers-une-architecture-circulaire\/#primaryimage\",\"inLanguage\":\"en-US\",\"url\":\"http:\/\/mathieucollos.com\/wp-content\/uploads\/2021\/02\/archi-circulaire1-1-874x1024.jpg\"},{\"@type\":\"WebPage\",\"@id\":\"http:\/\/mathieucollos.com\/index.php\/vers-une-architecture-circulaire\/#webpage\",\"url\":\"http:\/\/mathieucollos.com\/index.php\/vers-une-architecture-circulaire\/\",\"name\":\"l' architecture circulaire - MATHIEU COLLOS ARCHITECTURE\",\"isPartOf\":{\"@id\":\"https:\/\/mathieucollos.com\/#website\"},\"primaryImageOfPage\":{\"@id\":\"http:\/\/mathieucollos.com\/index.php\/vers-une-architecture-circulaire\/#primaryimage\"},\"datePublished\":\"2020-07-22T15:37:06+00:00\",\"dateModified\":\"2023-06-09T14:28:59+00:00\",\"description\":\"70% des d\\u00e9chets sont issus du BTP. Nous proposons de passer d'un mod\\u00e8le \\u00e9conomique lin\\u00e9aire \\u00e0 un mod\\u00e8le circulaire, ou les d\\u00e9chets sont sources de revenus.\",\"inLanguage\":\"en-US\",\"potentialAction\":[{\"@type\":\"ReadAction\",\"target\":[\"http:\/\/mathieucollos.com\/index.php\/vers-une-architecture-circulaire\/\"]}]}]}<\/script>\n<!-- \/ Yoast SEO plugin. -->","_links":{"self":[{"href":"https:\/\/mathieucollos.com\/index.php\/wp-json\/wp\/v2\/pages\/42"}],"collection":[{"href":"https:\/\/mathieucollos.com\/index.php\/wp-json\/wp\/v2\/pages"}],"about":[{"href":"https:\/\/mathieucollos.com\/index.php\/wp-json\/wp\/v2\/types\/page"}],"author":[{"embeddable":true,"href":"https:\/\/mathieucollos.com\/index.php\/wp-json\/wp\/v2\/users\/1"}],"replies":[{"embeddable":true,"href":"https:\/\/mathieucollos.com\/index.php\/wp-json\/wp\/v2\/comments?post=42"}],"version-history":[{"count":33,"href":"https:\/\/mathieucollos.com\/index.php\/wp-json\/wp\/v2\/pages\/42\/revisions"}],"predecessor-version":[{"id":488,"href":"https:\/\/mathieucollos.com\/index.php\/wp-json\/wp\/v2\/pages\/42\/revisions\/488"}],"wp:attachment":[{"href":"https:\/\/mathieucollos.com\/index.php\/wp-json\/wp\/v2\/media?parent=42"}],"curies":[{"name":"wp","href":"https:\/\/api.w.org\/{rel}","templated":true}]}}